{"id":4115,"date":"2021-02-23T20:00:00","date_gmt":"2021-02-23T20:00:00","guid":{"rendered":"https:\/\/www.web-rr.de\/GHS-Buecherei\/?page_id=4115"},"modified":"2021-02-22T23:59:59","modified_gmt":"2021-02-22T23:59:59","slug":"p9783896032829","status":"publish","type":"page","link":"https:\/\/www.web-rr.de\/GHS-Buecherei\/index.php\/p9783896032829\/","title":{"rendered":"Fantasie 13"},"content":{"rendered":"<table><tbody><tr><td class='rDTitel' colspan='2'>Das M\u00e4dchen mit der Katze<\/td><\/tr><tr><td><span class='rDLabel1'>Status: <\/span><span class='rDText1Gruen'>vorhanden<\/span><\/td><td><span class='rDLabel1'>Antolin: <\/span><span class='rDText1Rot'>Quiz nicht vorhanden.<\/span><\/td><\/tr><tr><td width=50%><img src='https:\/\/www.web-rr.de\/GHS-Buecherei\/wp-content\/uploads\/9783896032829.jpg' alt=''><\/td><td><p class='rDLabel2'>von <span class='rDText2'>Alfred Wellm<\/span><\/p><p class='rDLabel2'>Verlag: <span class='rDText2'>LeiV- Leipziger Kinderbuchverlag,  2007,  9.90 \u20ac<\/span><\/p><p class='rDLabel2'>B\u00fccherei-Barcode: <span class='rDText2'>9783896032829<\/span><\/p><p class='rDLabel2'>In der B\u00fccherei erfasst am: <span class='rDText2'>01.04.2014<\/span><\/p><p class='rDLabel2'>Stichw\u00f6rter: <span class='rDText2'>anders sein, Behinderung, geh\u00f6rlos<\/span><\/p><p class='rDLabel2'>Lesealter ca. <span class='rDText2'>-<\/span><span class='rDLabel2'> Jahre<\/span><\/p><p class='rDLabel2'>Das Buch wurde <span class='rDText2'>0<\/span><span class='rDLabel2'> mal gelesen.<\/span><\/p><\/td><\/tr><tr><td colspan='2'><p class='rDLabel1'>Inhalt:<\/p><span class='rDText2'>Vor dem Haus und unter der Pappel sitzt das M\u00e4dchen mit der Katze. Manchmal geht es auch zum See hinunter, wo die Urlauber baden und sich sonnen. Die Kinder rufen das M\u00e4dchen, wollen mit ihm spielen, aber das M\u00e4dchen kann sie nicht h\u00f6ren. Daf\u00fcr kennt es die Welt rundherum viel besser als der Zeitungsleser oder die gebr\u00e4unten Urlauber. Es wei\u00df vom Fluss und seinen Fischen, den vier gro\u00dfen Steinen, die wohl Leoparden sind, und dem gro\u00dfen Buckligen, dem Elefanten, auf dem es ins Siebenland reitet \u2026<\/span><\/td><\/tr><tr><td colspan='2'><a href='#' onclick='history.back(); return false'>Zur\u00fcck<\/a><\/td><\/tr><\/tbody><\/table>\n","protected":false},"excerpt":{"rendered":"","protected":false},"author":1,"featured_media":0,"parent":0,"menu_order":0,"comment_status":"closed","ping_status":"closed","template":"","meta":[],"_links":{"self":[{"href":"https:\/\/www.web-rr.de\/GHS-Buecherei\/index.php\/wp-json\/wp\/v2\/pages\/4115"}],"collection":[{"href":"https:\/\/www.web-rr.de\/GHS-Buecherei\/index.php\/wp-json\/wp\/v2\/pages"}],"about":[{"href":"https:\/\/www.web-rr.de\/GHS-Buecherei\/index.php\/wp-json\/wp\/v2\/types\/page"}],"author":[{"embeddable":true,"href":"https:\/\/www.web-rr.de\/GHS-Buecherei\/index.php\/wp-json\/wp\/v2\/users\/1"}],"replies":[{"embeddable":true,"href":"https:\/\/www.web-rr.de\/GHS-Buecherei\/index.php\/wp-json\/wp\/v2\/comments?post=4115"}],"version-history":[{"count":0,"href":"https:\/\/www.web-rr.de\/GHS-Buecherei\/index.php\/wp-json\/wp\/v2\/pages\/4115\/revisions"}],"wp:attachment":[{"href":"https:\/\/www.web-rr.de\/GHS-Buecherei\/index.php\/wp-json\/wp\/v2\/media?parent=4115"}],"curies":[{"name":"wp","href":"https:\/\/api.w.org\/{rel}","templated":true}]}}